{"id":540,"date":"2021-11-29T12:00:27","date_gmt":"2021-11-29T11:00:27","guid":{"rendered":"http:\/\/bombuy.net\/politica-de-privadesa\/"},"modified":"2022-07-15T09:01:35","modified_gmt":"2022-07-15T08:01:35","slug":"politica-de-privadesa","status":"publish","type":"page","link":"https:\/\/bombuy.net\/es\/politica-de-privadesa\/","title":{"rendered":"Pol\u00edtica de privadesa"},"content":{"rendered":"\n\n<div id=\"page-top-block_61a8bf3b7476b\" class=\"page-top-block mb-14 md:mb-20\">\n\t\t\t\n\t\n\t<div class=\"relative\">\n\n\t\t<div class=\"py-14 md:py-24 bg-brand text-off-white\">\n\t\t\t\n\t\t\t<div class=\"container\">\n\n\t\t\t\t<div class=\"md:w-1\/2 md:pr-20 xl:pr-30 md:flex md:flex-col md:justify-between h-full\">\n\t\t\t\t\t\n\t\t\t\t\t<div>\n\n\t\t\t\t\t\t\n\t\t\t\t\t\t<h1 class=\"h1 mb-0 font-medium\">Pol\u00edtica de privadesa<\/h1>\n\n\t\t\t\t\t<\/div>\n\n\t\t\t\t<\/div>\n\n\t\t\t<\/div>\t\t\t\n\n\t\t<\/div>\n\n\t\t<div class=\"md:absolute top-0 right-0 z-1 w-full pointer-events-none js-block-min-height\">\n\t\t\t\n\t\t\t<div class=\"md:px-20 xl:px-30 md:flex justify-end container\">\n\t\t\t\t\n\t\t\t\t<div class=\"md:w-5\/12\">\n\n\t\t\t\t\t<img decoding=\"async\" class=\"block border\" src=\"https:\/\/bombuy.net\/wp-content\/uploads\/2022\/01\/BOMBUY-COVER-IMG-02.jpg\" alt=\"\">\n\n\t\t\t\t\t<div class=\"hidden md:block pt-20\">\n\t\t\t\t\n\t\t\t\t\t\t\t\t\t\t\t\n\t\t\t\t\t<\/div>\n\n\t\t\t\t<\/div>\n\n\t\t\t<\/div>\n\n\n\n\t\t<\/div>\n\n\t<\/div>\n\n<\/div>\n\n\n\n\n<div class=\"is-layout-flex wp-container-3 wp-block-columns\">\n<div class=\"is-layout-flow wp-block-column\">\n<h2>Qui\u00e9nes somos<\/h2>\n\n\n\n<p>El RESPONSABLE del tratamiento de los datos personales del USUARIO es el despacho\u00a0BOMBUY\u00a0ADVOCATS I ASSOCIATS S,.L.P y le informamos de que estos datos ser\u00e1n tratados de conformidad con lo dispuesto en el Reglamento (UE) 2016\/679 de 27 de abril (RGPD)\u00a0y la ley\u00a0Org\u00e1nica\u00a03\/2018 de 5 de diciembre (LOPDGDD).<\/p>\n\n\n\n<h2>Legitimaci\u00f3n del tratamiento<\/h2>\n\n\n\n<p>La base jur\u00eddica que habilita a\u00a0Bombuy\u00a0Advocats i Associats, S.L.P para el tratamiento de los datos personales de sus clientes con fines comerciales, es el inter\u00e9s leg\u00edtimo de este despacho a mantenerles informados de cualquier novedad que pueda resultar de su inter\u00e9s, y de mantener el contacto y la relaci\u00f3n comercial con sus clientes.<\/p>\n\n\n\n<h2>Finalidad del tratamiento de datos<\/h2>\n\n\n\n<p>La finalidad del tratamiento e mantener una elaci\u00f3n comercial con el usuario. Las operaciones previstas son:<\/p>\n\n\n\n<p>\u2022 La prestaci\u00f3n de servicios ofrecidos mediante el sitio web.<\/p>\n\n\n\n<p>\u2022 Informaci\u00f3n sobre nuestros productos y servicios, cuando as\u00ed lo solicite mediante los formularios de la web o por correo electr\u00f3nico.<\/p>\n\n\n\n<p>\u2022 Contestar y gestionar sus consultas, comentarios y sugerencias.<\/p>\n\n\n\n<p>\u2022 Realizar estudios de mercado y an\u00e1lisis estad\u00edsticos.<\/p>\n\n\n\n<h2>Comentarios<\/h2>\n\n\n\n<p>Cuando los visitantes dejan comentarios en la web, recogemos los datos que se muestran en el formulario de contacto, as\u00ed como la direcci\u00f3n IP del visitante y la cadena del agente del usuario del navegador para ayudar a la detecci\u00f3n de mensajes basura.<\/p>\n\n\n\n<p>Una cadena anonimizada creada a partir del correo electr\u00f3nico (tambi\u00e9n denominado un\u00a0hash)\u00a0puede proporcionarse al servicio\u00a0Gravatar\u00a0para ver si lo est\u00e1is usando. La pol\u00edtica de privacidad del servicio\u00a0 Gravatar\u00a0est\u00e1 disponible aqu\u00ed https:\/\/automattic.com\/privacy\/. <\/p>\n\n\n\n<p>Una vez aprobado el comentario, la imagen de vuestro perfil es visible al p\u00fablico en el contexto del comentario.<\/p>\n\n\n\n<h2>Media<\/h2>\n\n\n\n<p>Si sub\u00eds im\u00e1genes al sitio web, ten\u00e9is que evitar subir im\u00e1genes que incluyan datos de geolocalizaci\u00f3n (EXIF\u00a0GPS) incrustadas. Los visitantes del sitio web pueden descargar y extraer cualquier informaci\u00f3n de las im\u00e1genes de la web.<\/p>\n\n\n\n<p><\/p>\n\n\n\n<h2>Contenido incrustado de otros sitios web<\/h2>\n\n\n\n<p>Los art\u00edculos en esta p\u00e1gina web incluyen contenido incrustado (por ejemplo, videos, im\u00e1genes, art\u00edculos, etc.). El contenido incrustado desde otras p\u00e1ginas web se comporta exactamente del mismo modo como si el visitante estuviera visitando la otra p\u00e1gina web.<\/p>\n\n\n\n<p>Estas p\u00e1ginas web pueden recoger datos sobre usted, usar galletas, incrustar un seguimiento adicional de terceras partes, y monitorizar la interacci\u00f3n con el contenido incrustado, incluyendo la traza de la interacci\u00f3n con el contenido incrustado si ten\u00e9is una cuenta y hab\u00e9is iniciado sesi\u00f3n en esta p\u00e1gina web.<\/p>\n\n\n\n<h2>Con qui\u00e9n compartimos vuestros datos<\/h2>\n\n\n\n<p>No est\u00e1 prevista\u00a0ninguna\u00a0comunicaci\u00f3n de datos personales a terceros salvo obligaci\u00f3n legal. Si fuera necesario para el desarrollo y ejecuci\u00f3n de las finalidades del tratamiento, a nuestros proveedores de servicios relacionados con comunicaciones, con los cuales el RESPONSABLE tiene suscritos contratos de confidencialidad y de encargado de tratamiento exigidos por la normativa vigente de privacidad.<\/p>\n\n\n\n<h2>Cu\u00e1nto tiempo retenemos los datos<\/h2>\n\n\n\n<p>Los datos se conservar\u00e1n durante el plazo estrictamente necesario para mantener la finalidad del tratamiento, sin perjuicio de su conservaci\u00f3n por motivos legales, en este caso los datos se conservar\u00e1n hasta la finalizaci\u00f3n de los plazos de prescripci\u00f3n, momento en el cual ser\u00e1n eliminados con las medidas de seguridad adecuadas.<\/p>\n\n\n\n<h2>Qu\u00e9 derechos tienen sobre vuestros datos<\/h2>\n\n\n\n<p>\u2022\u00a0Derecho a retirar el consentimiento en cualquier momento.<\/p>\n\n\n\n<p>\u2022\u00a0Derecho de acceso, portabilidad, rectificaci\u00f3n, supresi\u00f3n y limitaci\u00f3n de los datos y a la oposici\u00f3n a su tratamiento siempre que sea posible.<\/p>\n\n\n\n<p>\u2022\u00a0Derecho a presentar una reclamaci\u00f3n ante la autoridad de control (www.aepd.es) si considera que el tratamiento no se ajusta la normativa vigente.<\/p>\n\n\n\n<p>Los datos personales de los clientes ser\u00e1n tratados con el nivel de protecci\u00f3n de acuerdo con la normativa vigente en materia de protecci\u00f3n de datos de car\u00e1cter personal que garanticen la seguridad y confidencialidad de estas.<\/p>\n\n\n\n<h2>Datos de contacto para ejercer sus derechos<\/h2>\n\n\n\n<p>BOMBUY ADVOCATS I ASSOCIATS, S.L.P<\/p>\n\n\n\n<p>Calle Col\u00b7legi, 63, baixos, 08221 Terrassa (Barcelona).<\/p>\n\n\n\n<p>Email: info@bombuy.net<\/p>\n\n\n\n<h2><\/h2>\n\n\n\n<div style=\"height:100px\" aria-hidden=\"true\" class=\"wp-block-spacer\"><\/div>\n<\/div>\n\n\n\n<div class=\"is-layout-flow wp-block-column\"><\/div>\n<\/div>\n","protected":false},"excerpt":{"rendered":"<p>Qui\u00e9nes somos El RESPONSABLE del tratamiento de los datos personales del USUARIO es el despacho\u00a0BOMBUY\u00a0ADVOCATS I ASSOCIATS S,.L.P y le informamos de que estos datos ser\u00e1n tratados de conformidad con lo dispuesto en el Reglamento (UE) 2016\/679 de 27 de abril (RGPD)\u00a0y la ley\u00a0Org\u00e1nica\u00a03\/2018 de 5 de diciembre (LOPDGDD). Legitimaci\u00f3n del tratamiento La base jur\u00eddica&nbsp; <a href=\"https:\/\/bombuy.net\/es\/politica-de-privadesa\/\">&hellip; Read more <i class=\"glyphicon glyphicon-arrow-right\"><\/i><\/a><\/p>\n","protected":false},"author":1,"featured_media":0,"parent":0,"menu_order":99,"comment_status":"closed","ping_status":"closed","template":"","meta":[],"page_tag":[],"acf":[],"yoast_head":"<!-- This site is optimized with the Yoast SEO plugin v21.1 - https:\/\/yoast.com\/wordpress\/plugins\/seo\/ -->\n<title>Pol\u00edtica de privadesa - Bombuy\/AAC<\/title>\n<meta name=\"robots\" content=\"index, follow, max-snippet:-1, max-image-preview:large, max-video-preview:-1\" \/>\n<link rel=\"canonical\" href=\"https:\/\/bombuy.net\/es\/politica-de-privadesa\/\" \/>\n<meta property=\"og:locale\" content=\"es_ES\" \/>\n<meta property=\"og:type\" content=\"article\" \/>\n<meta property=\"og:title\" content=\"Pol\u00edtica de privadesa - Bombuy\/AAC\" \/>\n<meta property=\"og:description\" content=\"Qui\u00e9nes somos El RESPONSABLE del tratamiento de los datos personales del USUARIO es el despacho\u00a0BOMBUY\u00a0ADVOCATS I ASSOCIATS S,.L.P y le informamos de que estos datos ser\u00e1n tratados de conformidad con lo dispuesto en el Reglamento (UE) 2016\/679 de 27 de abril (RGPD)\u00a0y la ley\u00a0Org\u00e1nica\u00a03\/2018 de 5 de diciembre (LOPDGDD). Legitimaci\u00f3n del tratamiento La base jur\u00eddica&nbsp; &hellip; Read more\" \/>\n<meta property=\"og:url\" content=\"https:\/\/bombuy.net\/es\/politica-de-privadesa\/\" \/>\n<meta property=\"og:site_name\" content=\"Bombuy\/AAC\" \/>\n<meta property=\"article:modified_time\" content=\"2022-07-15T08:01:35+00:00\" \/>\n<meta name=\"twitter:card\" content=\"summary_large_image\" \/>\n<meta name=\"twitter:label1\" content=\"Tiempo de lectura\" \/>\n\t<meta name=\"twitter:data1\" content=\"4 minutos\" \/>\n<script type=\"application\/ld+json\" class=\"yoast-schema-graph\">{\"@context\":\"https:\/\/schema.org\",\"@graph\":[{\"@type\":\"WebPage\",\"@id\":\"https:\/\/bombuy.net\/es\/politica-de-privadesa\/\",\"url\":\"https:\/\/bombuy.net\/es\/politica-de-privadesa\/\",\"name\":\"Pol\u00edtica de privadesa - Bombuy\/AAC\",\"isPartOf\":{\"@id\":\"https:\/\/bombuy.net\/es\/#website\"},\"datePublished\":\"2021-11-29T11:00:27+00:00\",\"dateModified\":\"2022-07-15T08:01:35+00:00\",\"breadcrumb\":{\"@id\":\"https:\/\/bombuy.net\/es\/politica-de-privadesa\/#breadcrumb\"},\"inLanguage\":\"es\",\"potentialAction\":[{\"@type\":\"ReadAction\",\"target\":[\"https:\/\/bombuy.net\/es\/politica-de-privadesa\/\"]}]},{\"@type\":\"BreadcrumbList\",\"@id\":\"https:\/\/bombuy.net\/es\/politica-de-privadesa\/#breadcrumb\",\"itemListElement\":[{\"@type\":\"ListItem\",\"position\":1,\"name\":\"Inici\",\"item\":\"https:\/\/bombuy.net\/es\/\"},{\"@type\":\"ListItem\",\"position\":2,\"name\":\"Pol\u00edtica de privadesa\"}]},{\"@type\":\"WebSite\",\"@id\":\"https:\/\/bombuy.net\/es\/#website\",\"url\":\"https:\/\/bombuy.net\/es\/\",\"name\":\"Bombuy\/AAC\",\"description\":\"Advocats \u2014 Assessors \u2014 Consultors\",\"potentialAction\":[{\"@type\":\"SearchAction\",\"target\":{\"@type\":\"EntryPoint\",\"urlTemplate\":\"https:\/\/bombuy.net\/es\/?s={search_term_string}\"},\"query-input\":\"required name=search_term_string\"}],\"inLanguage\":\"es\"}]}<\/script>\n<!-- \/ Yoast SEO plugin. -->","yoast_head_json":{"title":"Pol\u00edtica de privadesa - Bombuy\/AAC","robots":{"index":"index","follow":"follow","max-snippet":"max-snippet:-1","max-image-preview":"max-image-preview:large","max-video-preview":"max-video-preview:-1"},"canonical":"https:\/\/bombuy.net\/es\/politica-de-privadesa\/","og_locale":"es_ES","og_type":"article","og_title":"Pol\u00edtica de privadesa - Bombuy\/AAC","og_description":"Qui\u00e9nes somos El RESPONSABLE del tratamiento de los datos personales del USUARIO es el despacho\u00a0BOMBUY\u00a0ADVOCATS I ASSOCIATS S,.L.P y le informamos de que estos datos ser\u00e1n tratados de conformidad con lo dispuesto en el Reglamento (UE) 2016\/679 de 27 de abril (RGPD)\u00a0y la ley\u00a0Org\u00e1nica\u00a03\/2018 de 5 de diciembre (LOPDGDD). Legitimaci\u00f3n del tratamiento La base jur\u00eddica&nbsp; &hellip; Read more","og_url":"https:\/\/bombuy.net\/es\/politica-de-privadesa\/","og_site_name":"Bombuy\/AAC","article_modified_time":"2022-07-15T08:01:35+00:00","twitter_card":"summary_large_image","twitter_misc":{"Tiempo de lectura":"4 minutos"},"schema":{"@context":"https:\/\/schema.org","@graph":[{"@type":"WebPage","@id":"https:\/\/bombuy.net\/es\/politica-de-privadesa\/","url":"https:\/\/bombuy.net\/es\/politica-de-privadesa\/","name":"Pol\u00edtica de privadesa - Bombuy\/AAC","isPartOf":{"@id":"https:\/\/bombuy.net\/es\/#website"},"datePublished":"2021-11-29T11:00:27+00:00","dateModified":"2022-07-15T08:01:35+00:00","breadcrumb":{"@id":"https:\/\/bombuy.net\/es\/politica-de-privadesa\/#breadcrumb"},"inLanguage":"es","potentialAction":[{"@type":"ReadAction","target":["https:\/\/bombuy.net\/es\/politica-de-privadesa\/"]}]},{"@type":"BreadcrumbList","@id":"https:\/\/bombuy.net\/es\/politica-de-privadesa\/#breadcrumb","itemListElement":[{"@type":"ListItem","position":1,"name":"Inici","item":"https:\/\/bombuy.net\/es\/"},{"@type":"ListItem","position":2,"name":"Pol\u00edtica de privadesa"}]},{"@type":"WebSite","@id":"https:\/\/bombuy.net\/es\/#website","url":"https:\/\/bombuy.net\/es\/","name":"Bombuy\/AAC","description":"Advocats \u2014 Assessors \u2014 Consultors","potentialAction":[{"@type":"SearchAction","target":{"@type":"EntryPoint","urlTemplate":"https:\/\/bombuy.net\/es\/?s={search_term_string}"},"query-input":"required name=search_term_string"}],"inLanguage":"es"}]}},"_links":{"self":[{"href":"https:\/\/bombuy.net\/es\/wp-json\/wp\/v2\/pages\/540"}],"collection":[{"href":"https:\/\/bombuy.net\/es\/wp-json\/wp\/v2\/pages"}],"about":[{"href":"https:\/\/bombuy.net\/es\/wp-json\/wp\/v2\/types\/page"}],"author":[{"embeddable":true,"href":"https:\/\/bombuy.net\/es\/wp-json\/wp\/v2\/users\/1"}],"replies":[{"embeddable":true,"href":"https:\/\/bombuy.net\/es\/wp-json\/wp\/v2\/comments?post=540"}],"version-history":[{"count":3,"href":"https:\/\/bombuy.net\/es\/wp-json\/wp\/v2\/pages\/540\/revisions"}],"predecessor-version":[{"id":665,"href":"https:\/\/bombuy.net\/es\/wp-json\/wp\/v2\/pages\/540\/revisions\/665"}],"wp:attachment":[{"href":"https:\/\/bombuy.net\/es\/wp-json\/wp\/v2\/media?parent=540"}],"wp:term":[{"taxonomy":"page_tag","embeddable":true,"href":"https:\/\/bombuy.net\/es\/wp-json\/wp\/v2\/page_tag?post=540"}],"curies":[{"name":"wp","href":"https:\/\/api.w.org\/{rel}","templated":true}]}}